{"id":758,"date":"2020-06-18T20:51:57","date_gmt":"2020-06-18T20:51:57","guid":{"rendered":"https:\/\/puceapex.puce.edu.ec\/web\/cev\/?page_id=758"},"modified":"2022-05-26T16:12:30","modified_gmt":"2022-05-26T16:12:30","slug":"estudiantes-preguntas-frecuentes","status":"publish","type":"page","link":"https:\/\/puceapex.puce.edu.ec\/web\/cev\/estudiantes-preguntas-frecuentes\/","title":{"rendered":"Estudiantes &#8211; Preguntas Frecuentes"},"content":{"rendered":"<p>[et_pb_section fb_built=\u00bb1&#8243; _builder_version=\u00bb4.4.8&#8243; da_disable_devices=\u00bboff|off|off\u00bb da_is_popup=\u00bboff\u00bb da_exit_intent=\u00bboff\u00bb da_has_close=\u00bbon\u00bb da_alt_close=\u00bboff\u00bb da_dark_close=\u00bboff\u00bb da_not_modal=\u00bbon\u00bb da_is_singular=\u00bboff\u00bb da_with_loader=\u00bboff\u00bb da_has_shadow=\u00bbon\u00bb][et_pb_row _builder_version=\u00bb4.4.8&#8243;][et_pb_column type=\u00bb4_4&#8243; _builder_version=\u00bb4.4.8&#8243;][et_pb_menu menu_id=\u00bb14&#8243; _builder_version=\u00bb4.4.8&#8243;][\/et_pb_menu][et_pb_accordion _builder_version=\u00bb4.9.10&#8243; hover_enabled=\u00bb0&#8243; sticky_enabled=\u00bb0&#8243;][et_pb_accordion_item title=\u00bb\u00bfC\u00f3mo puedo disponer de mis cursos en la plataforma?\u00bb open=\u00bbon\u00bb _builder_version=\u00bb4.5.7&#8243;]<\/p>\n<p><span>Si usted es estudiante, la carga en la plataforma es autom\u00e1tica, de forma que no es necesario que realice ninguna gesti\u00f3n para disponer de sus aulas virtuales, siempre que compruebe a trav\u00e9s del \u201c<a href=\"https:\/\/puceatencion.freshdesk.com\/support\/home\" target=\"_blank\" rel=\"noopener noreferrer\">Portal de Autoservicio<\/a>\u201d que su matr\u00edcula se ha realizado correctamente. Si despu\u00e9s de confirmar todo lo anterior, comprueba que le faltan o sobran asignaturas y no puede acceder a ellas a trav\u00e9s de Moodle, cont\u00e1ctese a soportevirtual@puce.edu.ec<\/span><\/p>\n<p>[\/et_pb_accordion_item][et_pb_accordion_item title=\u00bb\u00bfC\u00f3mo se accede a las aulas virtuales?\u00bb _builder_version=\u00bb4.8.2&#8243; open=\u00bboff\u00bb]<\/p>\n<p><span>El usuario y la contrase\u00f1a para el acceso a tus aulas virtuales es el mismo que para el correo electr\u00f3nico de la Universidad. Para llegar a la plataforma realice los siguientes pasos: <\/span><\/p>\n<ul>\n<li><span> ingrese a la p\u00e1ginaa web de la Universidad <a href=\"https:\/\/www.puce.edu.ec\/\" target=\"_blank\" rel=\"noopener noreferrer\"> www.puce.edu.ec <\/a>en la parte superior derecha dar clic en <b>Mi cuenta<\/b><\/span><\/li>\n<li><span> Seleccione <a href=\"https:\/\/puceapex.puce.edu.ec\/web\/cev\/\">Aulas Virtuales<\/a><\/span><\/li>\n<li><span>Escoje la opci\u00f3n Ingreso Aulas Virtuales<\/span><\/li>\n<li><span> Ingrese su nombre de usuario<\/span><\/li>\n<li><span> Ingrese su contrase\u00f1a<\/span><\/li>\n<\/ul>\n<p>[\/et_pb_accordion_item][et_pb_accordion_item title=\u00bb\u00bfQu\u00e9 hago si me aparece error de credenciales?\u00bb _builder_version=\u00bb4.9.10&#8243; hover_enabled=\u00bb0&#8243; open=\u00bboff\u00bb sticky_enabled=\u00bb0&#8243;]<\/p>\n<p><span>Use la opci\u00f3n \u201c<a href=\"https:\/\/ssoserver2.puce.edu.ec\/recuperar-contrasena\" target=\"_blank\" rel=\"noopener noreferrer\">Olvido su contrase\u00f1a<\/a>\u201d le llegar\u00e1 un correo a la direcci\u00f3n institucional con una contrase\u00f1a temporal.\u00a0 Si el problema persiste comun\u00edquese con el tel\u00e9fono de soporte 2991700 Ext. 2518 o escriba a<\/span> <span><a href=\"mailto:soportevirtual@puce.edu.ec\"><strong>soportevirtual@puce.edu.ec<\/strong><\/a><\/span> <span>desde su direcci\u00f3n de correo institucional.<\/span><\/p>\n<p>[\/et_pb_accordion_item][et_pb_accordion_item title=\u00bb\u00bfQu\u00e9 hago si me aparecen asignaturas en las que no estoy matriculado?\u00bb _builder_version=\u00bb4.4.8&#8243; open=\u00bboff\u00bb]<\/p>\n<p><span>Compruebe en su hoja de matr\u00edcula las asignaturas en las que se matricul\u00f3. Si no son las asignaturas que ha elegido, entonces acuda a la secretaria de su Facultad para que se realice los cambios en el Sistema Acad\u00e9mico. Una vez hecha la modificaci\u00f3n, se actualizar\u00e1 el perfil en el Entorno Virtual.<\/span><\/p>\n<p><span>Caso contrario, si las asignaturas no est\u00e1n en su hoja de matr\u00edcula, env\u00ede un correo electr\u00f3nico a <a href=\"mailto:soportevirtual@puce.edu.ec\">soportevirtual@puce.edu.ec<\/a> \u00a0indicando el nombre de las asignaturas que no le corresponden.<\/span><\/p>\n<p>[\/et_pb_accordion_item][et_pb_accordion_item title=\u00bb\u00bfC\u00f3mo conseguir la clave de acceso al Campus Virtual?\u00bb _builder_version=\u00bb4.9.10&#8243; hover_enabled=\u00bb0&#8243; open=\u00bboff\u00bb sticky_enabled=\u00bb0&#8243;]<span>Su nombre de usuario y contrase\u00f1a coinciden con su usuario y contrase\u00f1a del correo institucional de la Universidad.<\/span><\/p>\n<p><span>Su credencial le ha sido facilitada por la Universidad al inicio de su vida acad\u00e9mica. Esta contrase\u00f1a es la misma que utiliza para acceder a otras aplicaciones, como el portal de autoservicio, servicio de correo electr\u00f3nico, intranet.<\/span><\/p>\n<p><span>Si todav\u00eda lo desconoce puede dirigirse a Atenci\u00f3n al Usuario del Centro de Inform\u00e1tica de nuestra Universidad o comunicarse al telf. 2991700 ext. 1955\u00a0 y\/o escribir al correo <a href=\"mailto:soporteremoto@puce.edu.ec\">soporteremoto@puce.edu.ec\u00a0<\/a> <\/span> y al <a href=\"mailto:sopestudiantes@puce.edu.ec\">sopestudiantes@puce.edu.ec<\/a>[\/et_pb_accordion_item][et_pb_accordion_item title=\u00bbEn el caso de encontrar una incidencia t\u00e9cnica o comprobar un mal funcionamiento de la plataforma, \u00bfA qui\u00e9n puedo dirigirme?\u00bb _builder_version=\u00bb4.9.10&#8243; hover_enabled=\u00bb0&#8243; open=\u00bboff\u00bb sticky_enabled=\u00bb0&#8243;]<\/p>\n<p><span>Puede contactar directamente con las extensiones de servicio: 2518, 2520 o escribir a soportevirtual@puce.edu.ec .<\/span><\/p>\n<p>[\/et_pb_accordion_item][et_pb_accordion_item title=\u00bb\u00bfPor qu\u00e9 tras un tiempo inactivo dentro de la plataforma se corta la conexi\u00f3n?\u00bb _builder_version=\u00bb4.4.8&#8243; open=\u00bboff\u00bb]<\/p>\n<p><span>Todos los servicios web deben disponer de un contador de tiempo de inactividad para evitar que las sesiones inactivas perduren demasiado tiempo. Actualmente este l\u00edmite est\u00e1 establecido en 30 minutos.<\/span><\/p>\n<p>[\/et_pb_accordion_item][et_pb_accordion_item title=\u00bb\u00bfD\u00f3nde puedo consultar mis dudas acerca de la plataforma virtual y la gesti\u00f3n de los recursos?\u00bb _builder_version=\u00bb4.4.8&#8243; open=\u00bboff\u00bb]<\/p>\n<p><span>Si sus dudas corresponden con alg\u00fan recurso en una asignatura concreta, debe dirigirse al profesor\/a o profesores de la misma para que le ayuden a resolverlas. Si lo prefiere, puede utilizar la gu\u00eda de uso del EVA de Estudiantes, tambi\u00e9n podr\u00eda comunicarse a <a href=\"mailto:soportevirtual@puce.edu.ec\">soportevirtual@puce.edu.ec<\/a>.<\/span><\/p>\n<p>[\/et_pb_accordion_item][et_pb_accordion_item title=\u00bb\u00bfQu\u00e9 debo hacer si realizo una modificaci\u00f3n de matr\u00edcula?\u00bb _builder_version=\u00bb4.4.8&#8243; open=\u00bboff\u00bb]<\/p>\n<p><span>Si la modificaci\u00f3n est\u00e1 realizada correctamente desde la secretar\u00eda de tu Facultad no tiene que hacer nada ya que en un breve periodo de tiempo aparecer\u00e1n las nuevas asignaturas y desaparecer\u00e1n las antiguas. Si en un tiempo prudencial el cambio no se hubiese efectuado, dir\u00edjase a la secretaria de su Facultad para comprobar que la modificaci\u00f3n se ha realizado correctamente.<\/span><\/p>\n<p>[\/et_pb_accordion_item][et_pb_accordion_item title=\u00bb\u00bfQu\u00e9 navegador debo utilizar para trabajar con Moodle?\u00bb _builder_version=\u00bb4.4.8&#8243; open=\u00bboff\u00bb]<\/p>\n<p><span>Navegador\u00a0\u00a0\u00a0\u00a0\u00a0\u00a0\u00a0\u00a0\u00a0\u00a0\u00a0\u00a0\u00a0\u00a0\u00a0\u00a0\u00a0\u00a0\u00a0\u00a0\u00a0\u00a0\u00a0\u00a0 Versi\u00f3n m\u00ednima Versi\u00f3n recomendada\u00a0\u00a0\u00a0\u00a0 Notas<\/span><\/p>\n<p><span>Google Chrome\u00a0\u00a0\u00a0\u00a0\u00a0\u00a0\u00a0\u00a0\u00a0\u00a0\u00a0\u00a0\u00a0\u00a0\u00a0 \u00daltima\u00a0\u00a0 versi\u00f3n<\/span><\/p>\n<p><span>Mozilla Firefox\u00a0\u00a0\u00a0\u00a0\u00a0\u00a0\u00a0\u00a0\u00a0\u00a0\u00a0\u00a0\u00a0\u00a0\u00a0\u00a0\u00a0 \u00daltima\u00a0\u00a0 versi\u00f3n<\/span><\/p>\n<p><span>Apple Safari\u00a0\u00a0\u00a0\u00a0\u00a0\u00a0\u00a0\u00a0\u00a0\u00a0\u00a0\u00a0\u00a0\u00a0\u00a0\u00a0\u00a0\u00a0\u00a0\u00a0\u00a0\u00a0 \u00daltima\u00a0\u00a0 versi\u00f3n<\/span><\/p>\n<p><span>Microsoft Internet Explorer\u00a0\u00a0\u00a0\u00a0\u00a0\u00a0\u00a0\u00a0 <\/span><\/p>\n<p><span>Edge\u00a0\u00a0\u00a0\u00a0\u00a0 <\/span><\/p>\n<p>[\/et_pb_accordion_item][et_pb_accordion_item title=\u00bb\u00bfCu\u00e1l es el tama\u00f1o permitido para los archivos subidos al Campus?\u00bb _builder_version=\u00bb4.4.8&#8243; open=\u00bboff\u00bb]<\/p>\n<p><span>El tama\u00f1o m\u00e1ximo por subida es de 50MB.<\/span><\/p>\n<p>[\/et_pb_accordion_item][et_pb_accordion_item title=\u00bb\u00bfAdem\u00e1s del computador a trav\u00e9s de que otros dispositivos puedo acceder a la plataforma?\u00bb _builder_version=\u00bb4.4.8&#8243; open=\u00bboff\u00bb]<\/p>\n<p><span>Para acceder a la plataforma puede hacer uso tambi\u00e9n de cualquier dispositivo m\u00f3vil como Tablet, Smartphone.<\/span><\/p>\n<p>[\/et_pb_accordion_item][et_pb_accordion_item title=\u00bb\u00bfC\u00f3mo puedo comunicarme con los dem\u00e1s compa\u00f1eros del curso?\u00bb _builder_version=\u00bb4.4.8&#8243; open=\u00bboff\u00bb]<\/p>\n<p><span>Todas las aulas virtuales cuentan con un espacio de participantes en el cual el estudiante puede conocer los dem\u00e1s integrantes del curso. Para enviar un mensaje a cualquiera de ellos a trav\u00e9s de la plataforma solo es necesario dar clic sobre el nombre del usuario y posteriormente hacer clic en \u201cEnviar Mensaje\u201d; luego se redacta el mensaje y por \u00faltimo se le da clic en \u201cVista Previa\u201d y luego en \u201cEnviar\u201d para que el mensaje llegue al usuario indicado.<\/span><\/p>\n<p><span>Este tipo de mensajes que se intercambian por este espacio son de car\u00e1cter personal y ning\u00fan otro miembro del grupo podr\u00e1 observar su contenido incluyendo el docente de la asignatura.<\/span><\/p>\n<p><span>Tambi\u00e9n puedes usar la opci\u00f3n chat del aplicativo Zoom cloud meeting.<\/span><\/p>\n<p>[\/et_pb_accordion_item][et_pb_accordion_item title=\u00bb\u00bfC\u00f3mo uso videoconferencia (ZOOM) desde una Aula Virtual?\u00bb _builder_version=\u00bb4.4.8&#8243; open=\u00bboff\u00bb]<\/p>\n<p>Ingresa a <span><a href=\"https:\/\/puce.zoom.us\">https:\/\/puce.zoom.us<\/a><\/span> usando las de acceso al correo electr\u00f3nico<\/p>\n<p>Descargue el cliente zoom Cloud meeting en todos los dispositivos que use, https:\/\/puce.zoom.us\/download , luego ingrese usando la opci\u00f3n \u201cIngresar con SSO\u201d, luego en dominio de la compa\u00f1\u00eda ingrese la palabra \u201cpuce\u201d, clic en continuar e ingrese las credenciales institucionales.<\/p>\n<p>Configura en el perfil la zona horaria y el idioma.<\/p>\n<p>[\/et_pb_accordion_item][\/et_pb_accordion][\/et_pb_column][\/et_pb_row][\/et_pb_section]<\/p>\n","protected":false},"excerpt":{"rendered":"<p>Si usted es estudiante, la carga en la plataforma es autom\u00e1tica, de forma que no es necesario que realice ninguna gesti\u00f3n para disponer de sus aulas virtuales, siempre que compruebe a trav\u00e9s del \u201cPortal de Autoservicio\u201d que su matr\u00edcula se ha realizado correctamente. Si despu\u00e9s de confirmar todo lo anterior, comprueba que le faltan o [&hellip;]<\/p>\n","protected":false},"author":13,"featured_media":0,"parent":0,"menu_order":0,"comment_status":"closed","ping_status":"closed","template":"","meta":{"_et_pb_use_builder":"on","_et_pb_old_content":"","_et_gb_content_width":"","inline_featured_image":false,"footnotes":""},"_links":{"self":[{"href":"https:\/\/puceapex.puce.edu.ec\/web\/cev\/wp-json\/wp\/v2\/pages\/758"}],"collection":[{"href":"https:\/\/puceapex.puce.edu.ec\/web\/cev\/wp-json\/wp\/v2\/pages"}],"about":[{"href":"https:\/\/puceapex.puce.edu.ec\/web\/cev\/wp-json\/wp\/v2\/types\/page"}],"author":[{"embeddable":true,"href":"https:\/\/puceapex.puce.edu.ec\/web\/cev\/wp-json\/wp\/v2\/users\/13"}],"replies":[{"embeddable":true,"href":"https:\/\/puceapex.puce.edu.ec\/web\/cev\/wp-json\/wp\/v2\/comments?post=758"}],"version-history":[{"count":11,"href":"https:\/\/puceapex.puce.edu.ec\/web\/cev\/wp-json\/wp\/v2\/pages\/758\/revisions"}],"predecessor-version":[{"id":15454,"href":"https:\/\/puceapex.puce.edu.ec\/web\/cev\/wp-json\/wp\/v2\/pages\/758\/revisions\/15454"}],"wp:attachment":[{"href":"https:\/\/puceapex.puce.edu.ec\/web\/cev\/wp-json\/wp\/v2\/media?parent=758"}],"curies":[{"name":"wp","href":"https:\/\/api.w.org\/{rel}","templated":true}]}}