{"id":28,"date":"2020-12-15T18:09:50","date_gmt":"2020-12-15T18:09:50","guid":{"rendered":"https:\/\/puceapex.puce.edu.ec\/web\/ceish\/?page_id=28"},"modified":"2024-04-15T19:48:45","modified_gmt":"2024-04-15T19:48:45","slug":"miembros","status":"publish","type":"page","link":"https:\/\/puceapex.puce.edu.ec\/web\/ceish\/miembros\/","title":{"rendered":"Miembros"},"content":{"rendered":"<p>[et_pb_section fb_built=\u00bb1&#8243; custom_padding_last_edited=\u00bbon|tablet\u00bb admin_label=\u00bbOur Guides\u00bb _builder_version=\u00bb4.16&#8243; custom_padding=\u00bb110px||110px|\u00bb custom_padding_tablet=\u00bb60px||60px|\u00bb custom_padding_phone=\u00bb\u00bb da_disable_devices=\u00bboff|off|off\u00bb global_colors_info=\u00bb{}\u00bb da_is_popup=\u00bboff\u00bb da_exit_intent=\u00bboff\u00bb da_has_close=\u00bbon\u00bb da_alt_close=\u00bboff\u00bb da_dark_close=\u00bboff\u00bb da_not_modal=\u00bbon\u00bb da_is_singular=\u00bboff\u00bb da_with_loader=\u00bboff\u00bb da_has_shadow=\u00bbon\u00bb][et_pb_row custom_padding_last_edited=\u00bbon|tablet\u00bb admin_label=\u00bbOur Guides Title\u00bb _builder_version=\u00bb4.16&#8243; background_size=\u00bbinitial\u00bb background_position=\u00bbtop_left\u00bb background_repeat=\u00bbrepeat\u00bb custom_padding=\u00bb30px|0px|50px|0px|false|false\u00bb custom_padding_tablet=\u00bb0px||0px|\u00bb custom_padding_phone=\u00bb\u00bb global_colors_info=\u00bb{}\u00bb][et_pb_column type=\u00bb4_4&#8243; _builder_version=\u00bb4.16&#8243; custom_padding=\u00bb|||\u00bb global_colors_info=\u00bb{}\u00bb custom_padding__hover=\u00bb|||\u00bb][et_pb_text admin_label=\u00bbTeam Title\u00bb _builder_version=\u00bb4.16&#8243; text_font=\u00bb||||\u00bb text_text_color=\u00bb#1a1a1a\u00bb header_font=\u00bbOswald|on||on|\u00bb header_text_align=\u00bbcenter\u00bb header_font_size=\u00bb60px\u00bb header_line_height=\u00bb1.3em\u00bb background_size=\u00bbinitial\u00bb background_position=\u00bbtop_left\u00bb background_repeat=\u00bbrepeat\u00bb module_alignment=\u00bbcenter\u00bb custom_margin=\u00bb|||\u00bb custom_padding=\u00bb|||\u00bb animation_style=\u00bbslide\u00bb animation_direction=\u00bbtop\u00bb animation_intensity_slide=\u00bb10%\u00bb locked=\u00bboff\u00bb global_colors_info=\u00bb{}\u00bb]<\/p>\n<h1>Miembros<\/h1>\n<p>[\/et_pb_text][et_pb_divider color=\u00bb#00bfd8&#8243; divider_position=\u00bbcenter\u00bb divider_weight=\u00bb3px\u00bb disabled_on=\u00bboff|off|off\u00bb _builder_version=\u00bb4.16&#8243; max_width=\u00bb150px\u00bb module_alignment=\u00bbcenter\u00bb height=\u00bbfalse\u00bb custom_margin=\u00bb30px|||\u00bb animation_style=\u00bbslide\u00bb animation_direction=\u00bbtop\u00bb animation_delay=\u00bb100ms\u00bb animation_intensity_slide=\u00bb10%\u00bb locked=\u00bboff\u00bb global_colors_info=\u00bb{}\u00bb][\/et_pb_divider][et_pb_text _builder_version=\u00bb4.16&#8243; text_font=\u00bbRoboto||||\u00bb text_font_size=\u00bb16px\u00bb text_line_height=\u00bb1.9em\u00bb background_size=\u00bbinitial\u00bb background_position=\u00bbtop_left\u00bb background_repeat=\u00bbrepeat\u00bb text_orientation=\u00bbcenter\u00bb custom_margin=\u00bb|||\u00bb custom_padding=\u00bb||||false|false\u00bb animation_style=\u00bbslide\u00bb animation_direction=\u00bbtop\u00bb animation_intensity_slide=\u00bb4%\u00bb locked=\u00bboff\u00bb global_colors_info=\u00bb{}\u00bb]<\/p>\n<p>El CEISH-PUCE est\u00e1 integrado por profesionales de distintas \u00e1reas del conocimiento, dentro de estos, se cuenta con miembros que tienen conocimiento y experiencia en: metodolog\u00eda de la investigaci\u00f3n, Bio\u00e9tica, Biomedicina y Jurisprudencia; adem\u00e1s se cuenta con un representante de la sociedad civil. <\/p>\n<p>[\/et_pb_text][\/et_pb_column][\/et_pb_row][et_pb_row column_structure=\u00bb1_4,1_4,1_4,1_4&#8243; disabled_on=\u00bboff|off|off\u00bb admin_label=\u00bbGuides Grid\u00bb _builder_version=\u00bb4.16&#8243; custom_padding=\u00bb40px|0px|40px|0px\u00bb global_colors_info=\u00bb{}\u00bb][et_pb_column type=\u00bb1_4&#8243; _builder_version=\u00bb4.16&#8243; custom_padding=\u00bb|||\u00bb global_colors_info=\u00bb{}\u00bb custom_padding__hover=\u00bb|||\u00bb][et_pb_blurb title=\u00bbGalo Antonio S\u00e1nchez del Hierro, PhD.\u00bb use_icon=\u00bbon\u00bb image_icon_width=\u00bb75%\u00bb _builder_version=\u00bb4.17.4&#8243; header_font=\u00bbOswald|on||on|\u00bb header_text_align=\u00bbcenter\u00bb header_text_color=\u00bb#2e4673&#8243; header_font_size=\u00bb24px\u00bb header_line_height=\u00bb1.4em\u00bb body_font=\u00bbRoboto||||\u00bb body_text_color=\u00bb#40424d\u00bb body_font_size=\u00bb16px\u00bb text_orientation=\u00bbcenter\u00bb animation_style=\u00bbzoom\u00bb animation_intensity_zoom=\u00bb10%\u00bb image_max_width=\u00bb75%\u00bb locked=\u00bboff\u00bb global_colors_info=\u00bb{}\u00bb]<\/p>\n<p>Presidente<\/p>\n<p>[\/et_pb_blurb][\/et_pb_column][et_pb_column type=\u00bb1_4&#8243; _builder_version=\u00bb4.16&#8243; custom_padding=\u00bb|||\u00bb global_colors_info=\u00bb{}\u00bb custom_padding__hover=\u00bb|||\u00bb][et_pb_blurb title=\u00bbMGTR. JOS\u00c9 DAVID ZAMBRANO G.\u00bb use_icon=\u00bbon\u00bb image_icon_width=\u00bb75%\u00bb _builder_version=\u00bb4.17.4&#8243; header_font=\u00bbOswald|on||on|\u00bb header_text_align=\u00bbcenter\u00bb header_text_color=\u00bb#2e4673&#8243; header_font_size=\u00bb24px\u00bb header_line_height=\u00bb1.4em\u00bb body_font=\u00bbRoboto||||\u00bb body_text_color=\u00bb#40424d\u00bb body_font_size=\u00bb16px\u00bb text_orientation=\u00bbcenter\u00bb animation_style=\u00bbzoom\u00bb animation_intensity_zoom=\u00bb10%\u00bb image_max_width=\u00bb75%\u00bb locked=\u00bboff\u00bb global_colors_info=\u00bb{}\u00bb]<\/p>\n<p><span>Secretario<\/span><\/p>\n<p><span>Asuntos bioeticos<\/span><\/p>\n<p><!--<a href=\"https:\/\/puceapex.puce.edu.ec\/web\/ceish\/wp-content\/uploads\/sites\/19\/2020\/12\/1.7-Declaracion-Yan-Arevalo-Rico.pdf\" target=\"_blank\" style=\"color: #00bfd8;\" rel=\"noopener noreferrer\">Carta de compromiso, confidencialidad y no conflicto de intereses.<\/a>--><\/p>\n<p>[\/et_pb_blurb][\/et_pb_column][et_pb_column type=\u00bb1_4&#8243; _builder_version=\u00bb4.16&#8243; custom_padding=\u00bb|||\u00bb global_colors_info=\u00bb{}\u00bb custom_padding__hover=\u00bb|||\u00bb][et_pb_blurb title=\u00bbMgtr. Ivonne Tellez Patarroyo\u00bb use_icon=\u00bbon\u00bb image_icon_width=\u00bb75%\u00bb _builder_version=\u00bb4.17.4&#8243; header_font=\u00bbOswald|on||on|\u00bb header_text_align=\u00bbcenter\u00bb header_text_color=\u00bb#2e4673&#8243; header_font_size=\u00bb24px\u00bb header_line_height=\u00bb1.4em\u00bb body_font=\u00bbRoboto||||\u00bb body_text_color=\u00bb#40424d\u00bb body_font_size=\u00bb16px\u00bb text_orientation=\u00bbcenter\u00bb animation_style=\u00bbzoom\u00bb animation_intensity_zoom=\u00bb10%\u00bb image_max_width=\u00bb75%\u00bb locked=\u00bboff\u00bb global_colors_info=\u00bb{}\u00bb]<\/p>\n<p><span>Miembro<\/span><\/p>\n<p><span> Asuntos jur\u00eddicos<\/span><\/p>\n<p>[\/et_pb_blurb][\/et_pb_column][et_pb_column type=\u00bb1_4&#8243; _builder_version=\u00bb4.16&#8243; custom_padding=\u00bb|||\u00bb global_colors_info=\u00bb{}\u00bb custom_padding__hover=\u00bb|||\u00bb][et_pb_blurb title=\u00bbMgtr. David Nu\u00f1ez Torres\u00bb use_icon=\u00bbon\u00bb image_icon_width=\u00bb75%\u00bb _builder_version=\u00bb4.17.4&#8243; header_font=\u00bbOswald|on||on|\u00bb header_text_align=\u00bbcenter\u00bb header_text_color=\u00bb#2e4673&#8243; header_font_size=\u00bb24px\u00bb header_line_height=\u00bb1.4em\u00bb body_font=\u00bbRoboto||||\u00bb body_text_color=\u00bb#40424d\u00bb body_font_size=\u00bb16px\u00bb text_orientation=\u00bbcenter\u00bb animation_style=\u00bbzoom\u00bb animation_intensity_zoom=\u00bb10%\u00bb image_max_width=\u00bb75%\u00bb locked=\u00bboff\u00bb global_colors_info=\u00bb{}\u00bb]<\/p>\n<p>Miembro<\/p>\n<p>Asuntos jur\u00eddicos<\/p>\n<p>[\/et_pb_blurb][\/et_pb_column][\/et_pb_row][et_pb_row column_structure=\u00bb1_4,1_4,1_4,1_4&#8243; disabled_on=\u00bboff|off|off\u00bb admin_label=\u00bbGuides Grid\u00bb _builder_version=\u00bb4.16&#8243; custom_padding=\u00bb40px|0px|40px|0px\u00bb global_colors_info=\u00bb{}\u00bb][et_pb_column type=\u00bb1_4&#8243; _builder_version=\u00bb4.16&#8243; custom_padding=\u00bb|||\u00bb global_colors_info=\u00bb{}\u00bb custom_padding__hover=\u00bb|||\u00bb][et_pb_blurb title=\u00bbDra. Patricia Ortiz\u00bb use_icon=\u00bbon\u00bb image_icon_width=\u00bb75%\u00bb _builder_version=\u00bb4.17.4&#8243; header_font=\u00bbOswald|on||on|\u00bb header_text_align=\u00bbcenter\u00bb header_text_color=\u00bb#2e4673&#8243; header_font_size=\u00bb24px\u00bb header_line_height=\u00bb1.4em\u00bb body_font=\u00bbRoboto||||\u00bb body_text_color=\u00bb#40424d\u00bb body_font_size=\u00bb16px\u00bb text_orientation=\u00bbcenter\u00bb animation_style=\u00bbzoom\u00bb animation_intensity_zoom=\u00bb10%\u00bb image_max_width=\u00bb75%\u00bb locked=\u00bboff\u00bb global_colors_info=\u00bb{}\u00bb]<\/p>\n<p>Miembro<\/p>\n<p>Metodolog\u00eda de la Investigaci\u00f3n<\/p>\n<p>[\/et_pb_blurb][\/et_pb_column][et_pb_column type=\u00bb1_4&#8243; _builder_version=\u00bb4.16&#8243; custom_padding=\u00bb|||\u00bb global_colors_info=\u00bb{}\u00bb custom_padding__hover=\u00bb|||\u00bb][et_pb_blurb title=\u00bbDra. Veronica Paez\u00bb use_icon=\u00bbon\u00bb image_icon_width=\u00bb75%\u00bb _builder_version=\u00bb4.17.4&#8243; header_font=\u00bbOswald|on||on|\u00bb header_text_align=\u00bbcenter\u00bb header_text_color=\u00bb#2e4673&#8243; header_font_size=\u00bb24px\u00bb header_line_height=\u00bb1.4em\u00bb body_font=\u00bbRoboto||||\u00bb body_text_color=\u00bb#40424d\u00bb body_font_size=\u00bb16px\u00bb text_orientation=\u00bbcenter\u00bb animation_style=\u00bbzoom\u00bb animation_intensity_zoom=\u00bb10%\u00bb image_max_width=\u00bb75%\u00bb locked=\u00bboff\u00bb global_colors_info=\u00bb{}\u00bb]<\/p>\n<p>Miembro<\/p>\n<p><span>Metodolog\u00eda de la Investigaci\u00f3n<\/span><\/p>\n<p>[\/et_pb_blurb][\/et_pb_column][et_pb_column type=\u00bb1_4&#8243; _builder_version=\u00bb4.16&#8243; custom_padding=\u00bb|||\u00bb global_colors_info=\u00bb{}\u00bb custom_padding__hover=\u00bb|||\u00bb][et_pb_blurb title=\u00bbDra. Alexandra Rosero\u00bb use_icon=\u00bbon\u00bb image_icon_width=\u00bb75%\u00bb _builder_version=\u00bb4.17.4&#8243; header_font=\u00bbOswald|on||on|\u00bb header_text_align=\u00bbcenter\u00bb header_text_color=\u00bb#2e4673&#8243; header_font_size=\u00bb24px\u00bb header_line_height=\u00bb1.4em\u00bb body_font=\u00bbRoboto||||\u00bb body_text_color=\u00bb#40424d\u00bb body_font_size=\u00bb16px\u00bb text_orientation=\u00bbcenter\u00bb animation_style=\u00bbzoom\u00bb animation_intensity_zoom=\u00bb10%\u00bb image_max_width=\u00bb75%\u00bb locked=\u00bboff\u00bb global_colors_info=\u00bb{}\u00bb]<\/p>\n<p>Miembro<br \/>Asuntos bio\u00e9ticos<\/p>\n<p>[\/et_pb_blurb][\/et_pb_column][et_pb_column type=\u00bb1_4&#8243; _builder_version=\u00bb4.16&#8243; custom_padding=\u00bb|||\u00bb global_colors_info=\u00bb{}\u00bb custom_padding__hover=\u00bb|||\u00bb][et_pb_blurb title=\u00bbSra. Cumand\u00e1 Hernandez\u00bb use_icon=\u00bbon\u00bb image_icon_width=\u00bb75%\u00bb _builder_version=\u00bb4.17.4&#8243; header_font=\u00bbOswald|on||on|\u00bb header_text_align=\u00bbcenter\u00bb header_text_color=\u00bb#2e4673&#8243; header_font_size=\u00bb24px\u00bb header_line_height=\u00bb1.4em\u00bb body_font=\u00bbRoboto||||\u00bb body_text_color=\u00bb#40424d\u00bb body_font_size=\u00bb16px\u00bb text_orientation=\u00bbcenter\u00bb animation_style=\u00bbzoom\u00bb animation_intensity_zoom=\u00bb10%\u00bb image_max_width=\u00bb75%\u00bb locked=\u00bboff\u00bb global_colors_info=\u00bb{}\u00bb]<\/p>\n<p><span>Miembro<\/span><\/p>\n<p><span>Representante de la sociedad civil<\/span><\/p>\n<p><!--<a href=\"https:\/\/puceapex.puce.edu.ec\/web\/ceish\/wp-content\/uploads\/sites\/19\/2020\/12\/1.7-Declaracion-Yan-Arevalo-Rico.pdf\" target=\"_blank\" style=\"color: #00bfd8;\" rel=\"noopener noreferrer\">Carta de compromiso, confidencialidad y no conflicto de intereses.<\/a>--><\/p>\n<p>[\/et_pb_blurb][\/et_pb_column][\/et_pb_row][et_pb_row column_structure=\u00bb1_4,1_4,1_4,1_4&#8243; disabled_on=\u00bboff|off|off\u00bb admin_label=\u00bbGuides Grid\u00bb _builder_version=\u00bb4.16&#8243; custom_padding=\u00bb40px|0px|40px|0px\u00bb global_colors_info=\u00bb{}\u00bb][et_pb_column type=\u00bb1_4&#8243; _builder_version=\u00bb4.16&#8243; custom_padding=\u00bb|||\u00bb global_colors_info=\u00bb{}\u00bb custom_padding__hover=\u00bb|||\u00bb][et_pb_blurb title=\u00bbDANIEL L\u00d3PEZ\u00bb use_icon=\u00bbon\u00bb image_icon_width=\u00bb75%\u00bb _builder_version=\u00bb4.17.4&#8243; header_font=\u00bbOswald|on||on|\u00bb header_text_align=\u00bbcenter\u00bb header_text_color=\u00bb#2e4673&#8243; header_font_size=\u00bb24px\u00bb header_line_height=\u00bb1.4em\u00bb body_font=\u00bbRoboto||||\u00bb body_text_color=\u00bb#40424d\u00bb body_font_size=\u00bb16px\u00bb text_orientation=\u00bbcenter\u00bb animation_style=\u00bbzoom\u00bb animation_intensity_zoom=\u00bb10%\u00bb image_max_width=\u00bb75%\u00bb locked=\u00bboff\u00bb global_colors_info=\u00bb{}\u00bb]<\/p>\n<p>Miembro<\/p>\n<p>Representante de la sociedad civil<\/p>\n<p>[\/et_pb_blurb][\/et_pb_column][et_pb_column type=\u00bb1_4&#8243; _builder_version=\u00bb4.16&#8243; custom_padding=\u00bb|||\u00bb global_colors_info=\u00bb{}\u00bb custom_padding__hover=\u00bb|||\u00bb][et_pb_blurb title=\u00bbAndr\u00e9 Mancheno, MD\u00bb use_icon=\u00bbon\u00bb image_icon_width=\u00bb75%\u00bb _builder_version=\u00bb4.17.4&#8243; header_font=\u00bbOswald|on||on|\u00bb header_text_align=\u00bbcenter\u00bb header_text_color=\u00bb#2e4673&#8243; header_font_size=\u00bb24px\u00bb header_line_height=\u00bb1.4em\u00bb body_font=\u00bbRoboto||||\u00bb body_text_color=\u00bb#40424d\u00bb body_font_size=\u00bb16px\u00bb text_orientation=\u00bbcenter\u00bb animation_style=\u00bbzoom\u00bb animation_intensity_zoom=\u00bb10%\u00bb image_max_width=\u00bb75%\u00bb locked=\u00bboff\u00bb global_colors_info=\u00bb{}\u00bb]<\/p>\n<p>Miembro<\/p>\n<p><span>Profesional m\u00e9dico<\/span><\/p>\n<p>[\/et_pb_blurb][\/et_pb_column][et_pb_column type=\u00bb1_4&#8243; _builder_version=\u00bb4.16&#8243; custom_padding=\u00bb|||\u00bb global_colors_info=\u00bb{}\u00bb custom_padding__hover=\u00bb|||\u00bb][et_pb_blurb title=\u00bbKaren Pesse, PhD\u00bb use_icon=\u00bbon\u00bb image_icon_width=\u00bb75%\u00bb _builder_version=\u00bb4.17.4&#8243; header_font=\u00bbOswald|on||on|\u00bb header_text_align=\u00bbcenter\u00bb header_text_color=\u00bb#2e4673&#8243; header_font_size=\u00bb24px\u00bb header_line_height=\u00bb1.4em\u00bb body_font=\u00bbRoboto||||\u00bb body_text_color=\u00bb#40424d\u00bb body_font_size=\u00bb16px\u00bb text_orientation=\u00bbcenter\u00bb animation_style=\u00bbzoom\u00bb animation_intensity_zoom=\u00bb10%\u00bb image_max_width=\u00bb75%\u00bb locked=\u00bboff\u00bb global_colors_info=\u00bb{}\u00bb]<\/p>\n<p>Miembro<br \/><span>Profesional m\u00e9dico<\/span><\/p>\n<p>[\/et_pb_blurb][\/et_pb_column][et_pb_column type=\u00bb1_4&#8243; _builder_version=\u00bb4.16&#8243; custom_padding=\u00bb|||\u00bb global_colors_info=\u00bb{}\u00bb custom_padding__hover=\u00bb|||\u00bb][\/et_pb_column][\/et_pb_row][et_pb_row column_structure=\u00bb1_4,1_4,1_4,1_4&#8243; disabled_on=\u00bboff|off|off\u00bb admin_label=\u00bbGuides Grid\u00bb _builder_version=\u00bb4.16&#8243; custom_padding=\u00bb40px|0px|40px|0px\u00bb global_colors_info=\u00bb{}\u00bb][et_pb_column type=\u00bb1_4&#8243; _builder_version=\u00bb4.16&#8243; custom_padding=\u00bb|||\u00bb global_colors_info=\u00bb{}\u00bb custom_padding__hover=\u00bb|||\u00bb][et_pb_blurb title=\u00bbMGTR. Augusta Ortega\u00bb use_icon=\u00bbon\u00bb image_icon_width=\u00bb75%\u00bb _builder_version=\u00bb4.24.2&#8243; header_font=\u00bbOswald|on||on|\u00bb header_text_align=\u00bbcenter\u00bb header_text_color=\u00bb#2e4673&#8243; header_font_size=\u00bb24px\u00bb header_line_height=\u00bb1.4em\u00bb body_font=\u00bbRoboto||||\u00bb body_text_color=\u00bb#40424d\u00bb body_font_size=\u00bb16px\u00bb text_orientation=\u00bbcenter\u00bb animation_style=\u00bbzoom\u00bb animation_intensity_zoom=\u00bb10%\u00bb image_max_width=\u00bb75%\u00bb locked=\u00bboff\u00bb global_colors_info=\u00bb{}\u00bb]<\/p>\n<p><span>\u00a0Asistente de gesti\u00f3n administrativa<\/span><\/p>\n<p>[\/et_pb_blurb][\/et_pb_column][et_pb_column type=\u00bb1_4&#8243; _builder_version=\u00bb4.16&#8243; custom_padding=\u00bb|||\u00bb global_colors_info=\u00bb{}\u00bb custom_padding__hover=\u00bb|||\u00bb][et_pb_blurb title=\u00bbPsic. Francesca Pazos\u00bb use_icon=\u00bbon\u00bb image_icon_width=\u00bb75%\u00bb _builder_version=\u00bb4.17.4&#8243; header_font=\u00bbOswald|on||on|\u00bb header_text_align=\u00bbcenter\u00bb header_text_color=\u00bb#2e4673&#8243; header_font_size=\u00bb24px\u00bb header_line_height=\u00bb1.4em\u00bb body_font=\u00bbRoboto||||\u00bb body_text_color=\u00bb#40424d\u00bb body_font_size=\u00bb16px\u00bb text_orientation=\u00bbcenter\u00bb animation_style=\u00bbzoom\u00bb animation_intensity_zoom=\u00bb10%\u00bb image_max_width=\u00bb75%\u00bb locked=\u00bboff\u00bb global_colors_info=\u00bb{}\u00bb]<\/p>\n<p><span>Asistente de gesti\u00f3n administrativa<\/span><\/p>\n<p>[\/et_pb_blurb][\/et_pb_column][et_pb_column type=\u00bb1_4&#8243; _builder_version=\u00bb4.16&#8243; custom_padding=\u00bb|||\u00bb global_colors_info=\u00bb{}\u00bb custom_padding__hover=\u00bb|||\u00bb][\/et_pb_column][et_pb_column type=\u00bb1_4&#8243; _builder_version=\u00bb4.16&#8243; custom_padding=\u00bb|||\u00bb global_colors_info=\u00bb{}\u00bb custom_padding__hover=\u00bb|||\u00bb][\/et_pb_column][\/et_pb_row][\/et_pb_section]<\/p>\n","protected":false},"excerpt":{"rendered":"<p>MiembrosEl CEISH-PUCE est\u00e1 integrado por profesionales de distintas \u00e1reas del conocimiento, dentro de estos, se cuenta con miembros que tienen conocimiento y experiencia en: metodolog\u00eda de la investigaci\u00f3n, Bio\u00e9tica, Biomedicina y Jurisprudencia; adem\u00e1s se cuenta con un representante de la sociedad civil. PresidenteSecretario Asuntos bioeticos Miembro Asuntos jur\u00eddicosMiembro Asuntos jur\u00eddicosMiembro Metodolog\u00eda de la Investigaci\u00f3nMiembro Metodolog\u00eda [&hellip;]<\/p>\n","protected":false},"author":7,"featured_media":0,"parent":0,"menu_order":0,"comment_status":"closed","ping_status":"closed","template":"","meta":{"_et_pb_use_builder":"on","_et_pb_old_content":"","_et_gb_content_width":"","inline_featured_image":false,"footnotes":""},"_links":{"self":[{"href":"https:\/\/puceapex.puce.edu.ec\/web\/ceish\/wp-json\/wp\/v2\/pages\/28"}],"collection":[{"href":"https:\/\/puceapex.puce.edu.ec\/web\/ceish\/wp-json\/wp\/v2\/pages"}],"about":[{"href":"https:\/\/puceapex.puce.edu.ec\/web\/ceish\/wp-json\/wp\/v2\/types\/page"}],"author":[{"embeddable":true,"href":"https:\/\/puceapex.puce.edu.ec\/web\/ceish\/wp-json\/wp\/v2\/users\/7"}],"replies":[{"embeddable":true,"href":"https:\/\/puceapex.puce.edu.ec\/web\/ceish\/wp-json\/wp\/v2\/comments?post=28"}],"version-history":[{"count":21,"href":"https:\/\/puceapex.puce.edu.ec\/web\/ceish\/wp-json\/wp\/v2\/pages\/28\/revisions"}],"predecessor-version":[{"id":503,"href":"https:\/\/puceapex.puce.edu.ec\/web\/ceish\/wp-json\/wp\/v2\/pages\/28\/revisions\/503"}],"wp:attachment":[{"href":"https:\/\/puceapex.puce.edu.ec\/web\/ceish\/wp-json\/wp\/v2\/media?parent=28"}],"curies":[{"name":"wp","href":"https:\/\/api.w.org\/{rel}","templated":true}]}}